{"id":714,"date":"2024-03-16T19:27:04","date_gmt":"2024-03-16T19:27:04","guid":{"rendered":"https:\/\/air.ba\/?page_id=714"},"modified":"2026-01-07T09:40:27","modified_gmt":"2026-01-07T09:40:27","slug":"kontinuirana-edukacija","status":"publish","type":"page","link":"https:\/\/air.ba\/?page_id=714","title":{"rendered":"Kontinuirana edukacija"},"content":{"rendered":"\r\n<div class=\"wp-block-columns is-layout-flex wp-container-core-columns-is-layout-28f84493 wp-block-columns-is-layout-flex\">\r\n<div class=\"wp-block-column is-layout-flow wp-block-column-is-layout-flow\" style=\"flex-basis: 33.33%;\">\r\n<div class=\"wp-block-columns is-layout-flex wp-container-core-columns-is-layout-28f84493 wp-block-columns-is-layout-flex\">\r\n<div class=\"wp-block-column has-global-padding is-content-justification-center is-layout-constrained wp-container-core-column-is-layout-79afaa5a wp-block-column-is-layout-constrained\" style=\"flex-basis: 75%; padding: 0 var(--wp--preset--spacing--70) 0 var(--wp--preset--spacing--70);\">\r\n<div class=\"wp-block-group wow zoomIn sidebar-box has-section-bg-background-color has-background has-global-padding is-layout-constrained wp-container-core-group-is-layout-c37c750b wp-block-group-is-layout-constrained\" style=\"border-radius: 10px; border-top-color: var(--wp--preset--color--custom-color-1); border-top-width: 4px; border-bottom-color: var(--wp--preset--color--custom-color-1); border-bottom-width: 4px; margin-bottom: 50px; padding: 20px;\">\r\n<ul class=\"wp-block-list\">\r\n<li><a href=\"https:\/\/air.ba\/?page_id=714\">Kontinuirana edukacija<\/a><\/li>\r\n\r\n\r\n\r\n<li><a href=\"https:\/\/air.ba\/?page_id=715\">KPE \u2013 bodovi<\/a><\/li>\r\n\r\n\r\n\r\n<li><a href=\"https:\/\/air.ba\/?page_id=716\">Edukacija na zahtjev<\/a><\/li>\r\n\r\n\r\n\r\n<li><a href=\"https:\/\/air.ba\/?page_id=717\">Propisi<\/a><\/li>\r\n<\/ul>\r\n<\/div>\r\n<\/div>\r\n<\/div>\r\n<\/div>\r\n\r\n\r\n\r\n<div class=\"wp-block-column is-layout-flow wp-block-column-is-layout-flow\" style=\"flex-basis: 66.66%;\">\r\n<h2 id=\"ko_smo_mi\" class=\"wp-block-heading has-custom-color-1-color has-text-color has-link-color wp-elements-31d734e4d88254cb14402c41a4e80011\"><strong>Kontinuirana edukacija<\/strong><\/h2>\r\n\r\n\r\n\r\n<p>Edukacije u organizaciji strukovnih udru\u017eenja na teme iz podru\u010dja i oblasti\u00a0 iz \u010dlana 19b Pravilnika o uslovima za obavljanje poslova\u00a0 interne revizije u javnom sektoru u Federaciji Bosne i Hercegovine (&#8220;Slu\u017ebene novine FBiH&#8221;, br. 95\/15, 48\/17 i 31\/22)\u00a0 <strong>se priznaju kao KPE od strane CHJ FMF<\/strong>.<\/p>\r\n<p>U skladu sa zaklju\u010denim Memorandumom o saradnji u oblasti certifikovanja, obuka i kontinuirane profesionalne edukacije internih revizora u institucijama BiH izme\u0111u CHJ Ministarstva finansija i trezora BiH i Akademsko-strukovnog udru\u017eenja internih revizora u BiH, <strong>CHJ MFT BiH priznaje obuke koje organizuje i provodi Akademsko Udru\u017eenje u oblasti kontinuirane profesionalne edukacije internih revizora<\/strong>, na na\u010din kako je to predvi\u0111eno Memorandumom.<\/p>\r\n<p>U skladu sa Uputstvom o osnovama i kriterijima KPE, Pravilnikom o prijavljivanju, odobravanju i nadzoru organiziranih oblika kontinuiranog profesionalnog razvoja \u010dlanova ra\u010dunovodstvene i srodnih profesija, Uputstvom o na\u010dinu prijavljivanja za izvo\u0111enje KPE i na\u0161im okvirnim programom KPE za 2024. godinu, Akademsko Udru\u017eenje upu\u0107uje prijavu za izvo\u0111enje pojedina\u010dnih programa (webinara, konferencija i sli\u010dno) kod Saveza ra\u010dunovo\u0111a, revizora i finansijskih djelatnika FBiH, te se bodovi sa ovih edukacija <strong>priznaju kao bodovi kontinuirane profesionalne edukacije za certificirane ra\u010dunovo\u0111e i ovla\u0161tene revizore<\/strong>.<\/p>\r\n<p><strong>2025.<\/strong><\/p>\r\n<ul>\r\n<li>Novembar 2025. &#8211; Webinar <a href=\"https:\/\/air.ba\/?p=1734\">\u201eMjerenje uspje\u0161nosti interne revizije prema Globalnim standardima interne revizije\u201c<\/a> &#8211; Prof. dr. sc. Boris Tu\u0161ek<\/li>\r\n<li>Oktobar 2025. &#8211; Webinar <a href=\"https:\/\/air.ba\/?p=1721\">\u201eMale funkcije interne revizije\u00a0<span lang=\"bs-Latn-BA\">\u2013<\/span> izazovi i dobre prakse\u201d<\/a> &#8211; <span class=\"OYPEnA font-feature-liga-off font-feature-clig-off font-feature-calt-off text-decoration-none text-strikethrough-none\">Belma Islamovi\u0107<\/span> i\u00a0Mr. Amina \u010ci\u010dak<\/li>\r\n<li>Septembar 2025. &#8211; Webinar <a href=\"https:\/\/air.ba\/?p=1716\">\u201ePrevare i eti\u010dki izazovi: Strate\u0161ka uloga interne revizije\u201c<\/a> &#8211; Mr. sci Nevenka Petrovi\u0107 i\u00a0Sne\u017eana Beatovi\u0107<\/li>\r\n<li>Juni 2025. &#8211; <a href=\"https:\/\/air.ba\/wp-content\/uploads\/2025\/06\/00-Poziv-na-redovnu-Skupstinu-ASUIR-juni-2025.pdf\">XI redovna Skup\u0161tina Akademsko-strukovnog udru\u017eenja internih revizora u BiH<\/a><\/li>\r\n<li>Maj 2025. &#8211; Konferencija <a href=\"https:\/\/air.ba\/?p=1636\">\u201cNovi horizonti interne revizije\u201d<\/a><\/li>\r\n<li>April 2025. &#8211; Webinar <a href=\"https:\/\/air.ba\/?p=1651\">\u201eProvjera kvalitete interne revizije i edukacija internih revizora: regulatorni zahtjevi, prakti\u010dni izazovi i rje\u0161enja\u201c<\/a> -Belma Islamovi\u0107 i Bo\u017eidarka Jeli\u0107<\/li>\r\n<li>Mart 2025. &#8211; Webinar <a href=\"https:\/\/air.ba\/?p=1632\">\u201eKapital i rizici u savremenom bankarstvu: Integrisani pristup ICAAP-u, ILAAP-u, MREL-u i SREP-u\u201c<\/a> &#8211; <span class=\"OYPEnA font-feature-liga-off font-feature-clig-off font-feature-calt-off text-decoration-none text-strikethrough-none\">dr. sc. Ivan \u0160verko<\/span><\/li>\r\n<li>Mart 2025. &#8211; Webinar<a href=\"https:\/\/air.ba\/?p=1615\">\u201eJavne nabavke pod lupom interne revizije: Evaluacija, ugovori i pravna za\u0161tita\u201c<\/a> &#8211; Prof. dr \u017deljko Ri\u010dka i Mediha Kuli\u0107<\/li>\r\n<li>Mart 2025. &#8211; Webinar <a href=\"https:\/\/air.ba\/?p=1608\">\u201eU\u010dinkovito priop\u0107avanje rezultata anga\u017emana funkcije interne revizije prema novim Globalnim standardima interne revizije\u201c<\/a> &#8211; Prof. dr. sc. Boris Tu\u0161ek<\/li>\r\n<li>Januar 2025. &#8211; Webinar <a href=\"https:\/\/air.ba\/?p=1588\">\u201eIzrada godi\u0161njeg izvje\u0161taja revizije: Prakti\u010dan rad kroz PIFC aplikaciju\u201c<\/a> &#8211;\u00a0Imelin Im\u0161irovi\u0107 i\u00a0Lejla \u0160ipur<\/li>\r\n<\/ul>\r\n<p style=\"font-weight: 400;\"><strong>2024.<\/strong><\/p>\r\n<ul style=\"font-weight: 400;\">\r\n<li>Decembar 2024. &#8211; Webinar <a href=\"https:\/\/air.ba\/?p=1579\">\u201eObavljanje interne revizije u fokusu: \u0160ta donosi Domen V novih Globalnih standarda? Klju\u010dne razlike izme\u0111u \u201estarih\u201c i \u201enovih\u201c Standarda\u201c<\/a> &#8211;\u00a0Mr. sci Nevenka Petrovi\u0107 i\u00a0Sne\u017eana Beatovi\u0107<\/li>\r\n<li>Novembar 2024. &#8211; Webinar <a href=\"https:\/\/air.ba\/?p=1562\">&#8220;Formulisanje strategije interne revizije&#8221;<\/a> &#8211; Prof. dr. sc. Boris Tu\u0161ek<\/li>\r\n<li>Oktobar 2024. &#8211; Panel diskusija za studente Ekonomskog fakulteta Univerziteta u Sarajevu <a href=\"https:\/\/air.ba\/?p=1570\">&#8220;MatchMe radionica: Internal Audit&#8221;\u00a0<\/a><\/li>\r\n<li>Oktobar 2024. &#8211; Webinar <a href=\"https:\/\/air.ba\/?p=1555\">&#8220;Proaktivno upravljanje rizicima: Novi hotizonti u internoj reviziji&#8221;<\/a>&#8211; Ibrahim Pi\u0161toljevi\u0107 i Amra Hamzi\u0107<\/li>\r\n<li>Septembar 2024. &#8211; Konferencija <a href=\"https:\/\/air.ba\/?p=1484\">&#8220;Transformacija interne revizije&#8221;<\/a><\/li>\r\n<li>Juni 2024. &#8211; Webinar <a href=\"https:\/\/air.ba\/wp-content\/uploads\/2024\/05\/Poziv_na_webinar_Juni_2024.pdf\">&#8220;Unos podataka interne revizije u aplikaciju PIFC &#8211; prakti\u010dne upute i rje\u0161avanje naj\u010de\u0161\u0107ih dilema&#8221;<\/a> &#8211; Imelin Im\u0161irovi\u0107 i Lejla \u0160ipur<\/li>\r\n<li>April 2024. &#8211; Webinar <a href=\"https:\/\/air.ba\/images\/dokumenti\/Poziv_na_webinar_April_2024.pdf\">&#8220;Saradnja Glavnog internog revizora sa Odborom za reviziju i Nadzornim odborom &#8211; Kako napraviti uspje\u0161an balans?&#8221;<\/a>\u00a0&#8211; Belma Islamovi\u0107 i Muamera Zuko<\/li>\r\n<li>April 2024. &#8211; Specijalisti\u010dka obuka za Odbore za reviziju\u00a0<a href=\"https:\/\/air.ba\/images\/dokumenti\/Poziv_na_obuku_Odbori_za_reviziju_2024.pdf\">Osnivanje i djelovanje Odbora za reviziju<\/a>\u00a0&#8211; Prof. dr. sc. Boris Tu\u0161ek<\/li>\r\n<li>Mart 2024 &#8211; Webinar <a href=\"https:\/\/air.ba\/images\/dokumenti\/Poziv_na_webinar_Mart_2024.pdf\">&#8220;Novi Globalni standardi interne revizije&#8221;<\/a>\u00a0&#8211; Prof. dr. sc. Boris Tu\u0161ek<\/li>\r\n<li>Januar 2024 &#8211;\u00a0<a href=\"https:\/\/air.ba\/images\/dokumenti\/Poziv_na_IX_redovnu_Skupstinu.pdf\">IX redovna Skup\u0161tina Akademsko-strukovnog udru\u017eenja internih revizora u BiH<\/a><\/li>\r\n<\/ul>\r\n<p style=\"font-weight: 400;\"><strong>2023.<\/strong><\/p>\r\n<ul style=\"font-weight: 400;\">\r\n<li>Decembar 2023. &#8211; Webinar <a href=\"https:\/\/air.ba\/images\/dokumenti\/Poziv_na_webinar_Decembar_2023.pdf\">&#8220;Uloga interne revizije u upravljanju rizicima \u2013 gdje je granica?&#8221;<\/a>\u00a0&#8211; Belma Islamovi\u0107 i Amra Hamzi\u0107<\/li>\r\n<li>Novembar 2023. &#8211; Webinar <a href=\"https:\/\/air.ba\/Poziv_na_webinar_Novembar_2023\">&#8220;Etika internih revizora&#8221;<\/a>\u00a0&#8211; Prof. dr \u0160evala Isakovi\u0107 Kaplan i Mr. sc. Nevenka Petrovi\u0107<\/li>\r\n<li>Oktobar 2023. &#8211; Webinar <a href=\"https:\/\/air.ba\/images\/dokumenti\/Poziv_na_webinar_Oktobar_2023.pdf\">&#8220;Uloga interne revizije i revizijskog odbora u integraciji ESG-a u korporativno upravljanje&#8221;<\/a>\u00a0&#8211; Prof. dr. sc. Boris Tu\u0161ek<\/li>\r\n<li>Septembar 2023. &#8211;\u00a0<a href=\"https:\/\/air.ba\/images\/dokumenti\/Poziv_na_webinar_-_Septembar_2023.pdf\">Nova rje\u0161enja u Zakonu o javnim nabavkama<\/a>\u00a0&#8211; Prof. dr. \u017deljko Ri\u010dka i Lejla \u0160ipur<\/li>\r\n<li>Septembar 2023. &#8211;\u00a0<a href=\"https:\/\/air.ba\/images\/dokumenti\/Poziv_na_redovnu_Skupstinu_ASUIR_septembar_2023.pdf\">IX redovna Skup\u0161tina Akademsko-strukovnog udru\u017eenja internih revizora u BiH<\/a><\/li>\r\n<li>Maj 2023. &#8211;\u00a0<a href=\"https:\/\/air.ba\/images\/dokumenti\/Poziv_na_webinar_Maj_2023.pdf\">Aktuelnosti i prakti\u010dna poja\u0161njenja iz oblasti interne revizije u javnom sektoru<\/a>\u00a0&#8211; Fatima Obho\u0111a\u0161 i Belma Islamovi\u0107\u00a0<\/li>\r\n<li>April 2023. &#8211;\u00a0<a href=\"https:\/\/air.ba\/images\/dokumenti\/Poziv_na_webinar_April_2023.pdf\">Savjetodavni anga\u017emani funkcije interne revizije i eti\u010dke dileme internih revizora<\/a>\u00a0&#8211; Nedim \u0106ustovi\u0107, D\u017eevad Neki\u0107 i Mia Buljuba\u0161i\u0107<\/li>\r\n<li>Mart 2023. &#8211;\u00a0<a href=\"https:\/\/air.ba\/images\/dokumenti\/Poziv_na_webinar_Mart_2023.pdf\">Primjena revizijskih postupaka i formuliranje revizijskih nalaza u anga\u017emanima funkcije interne revizije<\/a>\u00a0&#8211; Prof. dr. sc. Boris Tu\u0161ek<\/li>\r\n<li>Februar 2023. &#8211;\u00a0<a href=\"https:\/\/air.ba\/images\/dokumenti\/Poziv_na_webinar_Februar_2023.pdf\">Cyber sigurnost i uloga interne revizije &#8211; Osnove interne IT revizije za ekonomiste<\/a>\u00a0&#8211; Doc. dr. sc. Marko \u010cular i Dr. sc. Amra Alagi\u0107<\/li>\r\n<\/ul>\r\n<p style=\"font-weight: 400;\"><strong>2022.<\/strong><\/p>\r\n<ul style=\"font-weight: 400;\">\r\n<li>Decembar 2022. &#8211;\u00a0<a href=\"https:\/\/air.ba\/images\/dokumenti\/Poziv_na_webinar_-_Decembar_2022.pdf\">Informatizacija upravljanja rizicima u javnom sektoru i njena korist za interne revizore u procesu planiranja<\/a>\u00a0&#8211; Fatima Obho\u0111a\u0161 i Belma Islamovi\u0107<\/li>\r\n<li>Novembar 2022. &#8211;\u00a0<a href=\"https:\/\/air.ba\/images\/dokumenti\/Poziv_na_webinar_-_Novembar_2022_II.pdf\">Uloga i zadaci interne revizije u ESG izvje\u0161tavanju &#8211; izvje\u0161tavanje o okoli\u0161nim, dru\u0161tvenim i upravlja\u010dkim pitanjima<\/a>\u00a0&#8211; Prof. dr. sci Boris Tu\u0161ek<\/li>\r\n<li>Novembar 2022. &#8211;\u00a0<a href=\"https:\/\/air.ba\/images\/dokumenti\/Poziv_na_webinar_-_Novembar_2022.pdf\">Implementacija izmjena i dopuna Zakona o javnim nabavkama<\/a>\u00a0&#8211; Prof. dr \u017deljko Ri\u010dka i Sanja \u0106ubela<\/li>\r\n<li>Oktobar 2022. &#8211;\u00a0<a href=\"https:\/\/air.ba\/images\/dokumenti\/Poziv_na_webinar_Oktobar_2022.pdf\">Problemi i izazovi interne revizije u javnom sektoru<\/a>\u00a0&#8211; Amela Mufti\u0107 i Amra Hamzi\u0107<\/li>\r\n<li>Juni 2022. &#8211;\u00a0<a href=\"https:\/\/air.ba\/images\/dokumenti\/Poziv_na_webinar_Juni_2022.pdf\">Novi model &#8216;Tri linije&#8217; u efikasnom upravljanju i kontroli rizika &#8211; Trenutna praksa u BiH<\/a>\u00a0&#8211; Nedim \u0106ustovi\u0107 i Mirna Pajevi\u0107 Ro\u017eajac, PhD<\/li>\r\n<li>Juni 2022. &#8211;\u00a0<a href=\"https:\/\/air.ba\/images\/dokumenti\/Poziv_na_redovnu_Skupstinu_ASUIR_juni_2022.pdf\">VIII redovna Skup\u0161tina Akademsko-strukovnog udru\u017eenja internih revizora u BiH<\/a><\/li>\r\n<li>Maj 2022. &#8211;\u00a0<a href=\"https:\/\/air.ba\/images\/dokumenti\/Poziv_na_webinar_-_Maj_2022.pdf\">Kako do uspje\u0161ne saradnje eksternih i internih revizora? Moderatorski utjecaj revizijskih odbora<\/a>\u00a0&#8211; Marko \u010cular, PhD i Amela Mufti\u0107<\/li>\r\n<li>Mart 2022. &#8211;\u00a0<a href=\"https:\/\/air.ba\/images\/dokumenti\/Poziv_na_webinar_Mart_2022.pdf\">Primjena novih Smjernica za upravljanje rizicima u javnom sektoru u Federaciji BiH i prate\u0107e informati\u010dko rje\u0161enje &#8211; Aplikacija PIFC<\/a>\u00a0&#8211; Fatima Obho\u0111a\u0161 i Belma Islamovi\u0107<\/li>\r\n<li>Februar 2022. &#8211;\u00a0<a href=\"https:\/\/air.ba\/images\/dokumenti\/Poziv_na_webinar_Februar_2022.pdf\">Interna revizija procesa upravljanja rizicima &#8211; kako planirati i obaviti reviziju procesa upravljanja rizicima<\/a>\u00a0&#8211; Prof. dr. sc. Boris Tu\u0161ek<\/li>\r\n<\/ul>\r\n<p style=\"font-weight: 400;\"><strong>2021.<\/strong><\/p>\r\n<ul style=\"font-weight: 400;\">\r\n<li>Decembar 2021. &#8211;\u00a0<a href=\"https:\/\/air.ba\/images\/dokumenti\/Poziv_na_webinar_-_Decembar_2021.pdf\">Izrada strate\u0161kih trogodi\u0161njih i godi\u0161njih planova interne revizije na bazi procjene rizika &#8211; sa prakti\u010dnim primjerom<\/a>\u00a0&#8211; Prof. dr. Meliha Ba\u0161i\u0107 i Lejla \u0160ipur<\/li>\r\n<li>Novembar 2021. &#8211;\u00a0<a href=\"https:\/\/air.ba\/images\/dokumenti\/Poziv_na_webinar_-_Novembar_2021.pdf\">Rizici, odgovornost i efikasnost u realizaciji javnih nabavki &#8211; sa prakti\u010dnim primjerom interne revizije javnih nabavki<\/a>\u00a0&#8211; Prof. dr. \u017deljko Ri\u010dka i Amela Mufti\u0107<\/li>\r\n<li>Septembar 2021. &#8211;\u00a0<a href=\"https:\/\/air.ba\/images\/dokumenti\/Poziv_na_webinar_Septembar_2021.pdf\">Saradnja revizije, inspekcije i Centralne harmonizacijske jedinice i zna\u010daj informatizacije rada interne revizije u tom procesu<\/a>\u00a0&#8211; Fatima Obho\u0111a\u0161 i Belma Islamovi\u0107<\/li>\r\n<li>Juni 2021. &#8211;\u00a0<a href=\"https:\/\/air.ba\/images\/dokumenti\/Poziv_na_redovnu_Skupstinu_ASUIR_juni_2021.pdf\">VII redovna Skup\u0161tina Akademsko-strukovnog udru\u017eenja internih revizora u BiH<\/a><\/li>\r\n<li>Maj 2021. &#8211;\u00a0<a href=\"https:\/\/air.ba\/images\/dokumenti\/Poziv_na_webinar_Maj_2021_Provodjenje_testova_kontrole_na_bazi_procjene_rizika_od_strane_internih_revizora.pdf\">Provo\u0111enje testova kontrole na bazi procjene rizika od strane internih revizora u predbilansnim radnjama s ciljem izrade objektivnih i fer finansijskih izvje\u0161taja<\/a>\u00a0&#8211; Nedim \u010custovi\u0107 i Amela Mufti\u0107<\/li>\r\n<li>April 2021. &#8211;\u00a0<a href=\"https:\/\/air.ba\/images\/dokumenti\/Poziv_na_webinar_Nove_Smjernice_za_upravljanje_rzicima_u_javnom_sektoru_April_2021.pdf\">Nove Smjernice za upravljanje rizicima u javnom sektoru u Federaciji BiH<\/a>\u00a0&#8211;\u00a0Fatima Obho\u0111a\u0161\u00a0i Belma Islamovi\u0107<\/li>\r\n<li>Februar 2021. &#8211;\u00a0<a href=\"https:\/\/air.ba\/dokumenti\/Poziv_na_webinar_Planiranje_pojedinacnih_angazmana_interne_revizije_Februar_2021..pdf\">Planiranje pojedina\u010dnih anga\u017emana interne revizije<\/a>\u00a0&#8211; Prof. dr. sc Boris Tu\u0161ek<\/li>\r\n<\/ul>\r\n<p style=\"font-weight: 400;\"><strong>2020.<\/strong><\/p>\r\n<ul style=\"font-weight: 400;\">\r\n<li>Decembar 2020. &#8211;\u00a0<a href=\"https:\/\/air.ba\/dokumenti\/Poziv_na_VI_redovnu_Skupstinu_ASUIR_novembar_2020.pdf\">VI redovna Skup\u0161tina Akademsko-strukovnog udru\u017eenja internih revizora u BiH<\/a><\/li>\r\n<li>Novembar 2020. &#8211;\u00a0<a href=\"https:\/\/air.ba\/dokumenti\/Webinar_Planiranje_rada_interne%20revizije_Novembar_2020.pdf\">Planiranje rada interne revizije sa dodatnim osvrtom na planiranje u vanrednim okolnostima<\/a>\u00a0&#8211; Amela Mufti\u0107<\/li>\r\n<li>Novembar 2020. &#8211;\u00a0<a href=\"https:\/\/air.ba\/dokumenti\/Poziv_na_webinar_novembar_2020.pdf\">Izazovi u sistemu javnih nabavki u doba pandemije &#8211; sa dodatnim osvrtom iz ugla interne revizije<\/a>\u00a0&#8211; Prof. dr. \u017deljko Ri\u010dka i Admir D\u017eumhur<\/li>\r\n<li>Oktobar 2020. &#8211;\u00a0<a href=\"https:\/\/air.ba\/dokumenti\/Poziv_na_webinar_Oktobar_2020_.pdf\">Plan kontinuiteta poslovanja (BCM) i Plan oporavka informacionog sistema (DRP) &#8211; Klju\u010dni elementi iz ugla revizora sa posebnim osvrtom na neophodnost odr\u017eavanja kontinuiteta poslovanja u doba pandemije<\/a>\u00a0&#8211; Mr. sc Senad D\u017eananovi\u0107\u00a0i Mr. sc Amra Alagi\u0107<\/li>\r\n<li>Juli 2020. &#8211;\u00a0<a href=\"https:\/\/air.ba\/dokumenti\/Poziv_na_webinar_Juli_2020_2.pdf\">Zna\u010daj adekvatnog sistema finansijskog upravljanja i kontrole i interne revizije u vanrednim okolnostima\u00a0<\/a>&#8211; Fatima Obho\u0111a\u0161\u00a0i Belma Islamovi\u0107<\/li>\r\n<li>Juli 2020. &#8211;\u00a0<a href=\"https:\/\/air.ba\/dokumenti\/Poziv_na_webinar_Juli_2020.pdf\">Procjena rizika u funkciji efikasne podloge rada interne revizije<\/a>\u00a0&#8211; Nedim \u0106ustovi\u0107 i Edin Bu\u010do<\/li>\r\n<li>April 2020. &#8211;\u00a0<a href=\"https:\/\/air.ba\/dokumenti\/Poziv_na_webinar_April_2020.pdf\">Klju\u010dni pokazatelji uspje\u0161nosti funkcije interne revizije\u00a0<\/a>&#8211; Prof. dr. sc. Boris Tu\u0161ek<\/li>\r\n<li>Februar 2020. &#8211;\u00a0<a href=\"https:\/\/air.ba\/dokumenti\/Poziv_na_radionicu_GI_IR_GI_FUK_Februar_2020.pdf\">Izvje\u0161tavanje o sistemu javnih internih finansijskih kontrola u Federaciji BiH &#8211; GI FUK i GI IR<\/a>\u00a0&#8211; Fatima Obho\u0111a\u0161 i Belma Islamovi\u0107<\/li>\r\n<\/ul>\r\n<p style=\"font-weight: 400;\"><strong>2019.<\/strong><\/p>\r\n<ul style=\"font-weight: 400;\">\r\n<li>Decembar 2019. &#8211;\u00a0<a href=\"https:\/\/air.ba\/dokumenti\/Poziv_na_seminar_-_revizija_javnih_nabavki_-_decembar_2019.pdf\">Interna revizija javnih nabavki &#8211; Provo\u0111enje procesa interne revizije javnih nabavki na principima COSO modela &#8211; sa prakti\u010dnim primjerima<\/a>\u00a0&#8211; Prof. dr. \u017deljko Ri\u010dka i Mr. sc. Anita \u0160adi\u0107<\/li>\r\n<li>Novembar 2019. &#8211;\u00a0<a href=\"https:\/\/air.ba\/dokumenti\/Poziv_na_seminar_Odbor_za_reviziju_i_interna_revizija_novembar_2019.pdf\">Osnivanje i djelovanje revizijskih odbora prema EU pravilima &#8211; Implikacije na praksu interne i eksterne revizije<\/a>\u00a0&#8211; Prof. dr. sc Boris Tu\u0161ek<\/li>\r\n<li>Oktobar 2019. &#8211;\u00a0<a href=\"https:\/\/air.ba\/dokumenti\/Poziv_na_IV_Forum_internih%20revizora_-_2019.pdf\">IV. Forum internih revizora<\/a>\u00a0(u saradnji sa FEB d.o.o. Sarajevo)<\/li>\r\n<li>Septembar 2019. &#8211;\u00a0<a href=\"https:\/\/air.ba\/dokumenti\/Poziv_na_seminar_internih_revizora_-_septembar_2019.pdf\">Primjena Priru\u010dnika za finansijsko upravljanje i kontrolu (FUK) u javnom sektoru Federacije BiH<\/a>\u00a0&#8211; Fatima Obho\u0111a\u0161 i Belma Islamovi\u0107<\/li>\r\n<li>Maj 2019. &#8211; IV Akademija internih revizora (u saradnji sa REVICON d.o.o. Sarajevo)<\/li>\r\n<li>Mart 2019. &#8211;\u00a0<a href=\"https:\/\/air.ba\/dokumenti\/Poziv_na_redovnu_Skupstinu_ASUIR_mart_2019.pdf\">V redovna Skup\u0161tina Akademsko-strukovnog udru\u017eenja internih revizora u BiH<\/a><\/li>\r\n<li>Mart 2019. &#8211;\u00a0<a href=\"https:\/\/air.ba\/dokumenti\/Seminar_Savjetodavni_angazmani_funkcije_interne_revizije_mart_2019.pdf\">Specijalisti\u010dki seminar &#8220;Savjetodavni anga\u017emani funkcije interne revizije&#8221;<\/a>\u00a0&#8211; Prof. dr. sc Boris Tu\u0161ek<\/li>\r\n<li>Februar 2019. &#8211; Okrugli stol &#8220;Etika internih revizora&#8221; &#8211; Prof. dr Mehmed Jahi\u0107<\/li>\r\n<\/ul>\r\n<p style=\"font-weight: 400;\"><strong>2018.<\/strong><\/p>\r\n<ul style=\"font-weight: 400;\">\r\n<li>Decembar 2018. &#8211;\u00a0<a href=\"https:\/\/air.ba\/dokumenti\/Poziv_na_seminar_-_Digitalna_transformacija_poslovanja_-_decembar_2018.pdf\">Specijalisti\u010dki seminar &#8220;Digitalna transformacija poslovanja &#8211; Izazovi i o\u010dekivanja&#8221;<\/a>\u00a0&#8211; Prof. dr. sc Mario Spremi\u0107<\/li>\r\n<li>Novembar 2018. &#8211;\u00a0<a href=\"https:\/\/air.ba\/dokumenti\/Poziv_na_seminar_-_revizija_javnih_nabavki_-_novembar_2018.pdf\">Specijalisti\u010dki seminar &#8220;Interna revizija javnih nabavki&#8221;<\/a>\u00a0&#8211; Prof. dr \u017deljko Ri\u010dka i Sanja \u0106ubela<\/li>\r\n<li>Oktobar 2018. &#8211;\u00a0<a href=\"https:\/\/air.ba\/dokumenti\/IV_Radionica_internih_revizora_-_oktobar_2018.pdf\">IV Radionica internih revizora &#8220;Uticaj smjernica za upravljanje rizicima u javnom sektoru u Federaciji BiH na procjenu rizika interne revizije&#8221;<\/a>\u00a0&#8211; Fatima Obho\u0111a\u0161\u00a0i Belma Islamovi\u0107\u00a0<\/li>\r\n<li>Septembar 2018. &#8211;\u00a0<a href=\"https:\/\/air.ba\/dokumenti\/Poziv_na_III_Forum_internih%20revizora_-_2018.pdf\">III Forum internih revizora\u00a0<\/a>(u saradnji sa FEB d.d. Sarajevo)<\/li>\r\n<li>Maj 2018. &#8211;\u00a0<a href=\"https:\/\/air.ba\/dokumenti\/Poziv_na_III_Akademiju_internih_revizora_2018.pdf\">III Akademija internih revizora\u00a0<\/a>(u saradnji sa REVICON d.o.o. Sarajevo)<\/li>\r\n<li>Maj 2018. &#8211;\u00a0<a href=\"https:\/\/air.ba\/dokumenti\/Poziv_na_redovnu_Skupstinu_ASUIR_maj_2018.pdf\">IV redovna Skup\u0161tina\u00a0 Akademsko-strukovnog udru\u017eenja internih revizora u BiH<\/a><\/li>\r\n<li>Mart 2018. &#8211;\u00a0<a href=\"https:\/\/air.ba\/dokumenti\/Poziv_na_III_Radionicu_internih_revizora_-_2018.pdf\">III Radionica za interne revizore u javnom sektoru &#8220;Zakonske obaveze Odbora za reviziju u Odjela interne revizije u javnom sektoru u vezi revizije polugodi\u0161njeg i godi\u0161njeg obra\u010duna i revizije uskla\u0111enosti poslovanja&#8221;<\/a>\u00a0&#8211; Prof. dr. \u017deljko Ri\u010dka i Nedim \u0106ustovi\u0107<\/li>\r\n<\/ul>\r\n<p style=\"font-weight: 400;\"><strong>2017.<\/strong><\/p>\r\n<ul style=\"font-weight: 400;\">\r\n<li>Septembar 2017. &#8211;\u00a0<a href=\"https:\/\/air.ba\/dokumenti\/Poziv_na_II_Forum_internih_revizora_-_2017.pdf\">II. Forum internih revizora &#8211; Septembar 2017\u00a0<\/a>(u saradnji sa Feb d.d. Sarajevo)<\/li>\r\n<li>Juni 2017. &#8211;\u00a0<a href=\"https:\/\/air.ba\/dokumenti\/Poziv_na_seminar_internih_revizora_-_cyber_rizici_-_juni_2017.pdf\">Specijalisti\u010dki seminar &#8220;Cyber rizici &#8211; kontrolni okviri i mjere za\u0161tite&#8221;<\/a>\u00a0&#8211; Prof. dr. Mario Spremi\u0107<\/li>\r\n<li>Maj 2017. &#8211;\u00a0<a href=\"https:\/\/air.ba\/dokumenti\/Poziv_na_II_Akademiju_internih_revizora_-_2017.pdf\">II. Akademija internih revizora &#8211; maj 2017\u00a0<\/a>(u saradnji sa Revicon d.o.o. Sarajevo)<\/li>\r\n<li>Maj 2017. &#8211;\u00a0<a href=\"https:\/\/air.ba\/dokumenti\/Poziv_na_redovnu_Skupstinu_ASUIR_maj_2017.pdf\">III redovna Skup\u0161tina Akademsko-strukovnog udru\u017eenja\u00a0internih revizora u BiH<\/a><\/li>\r\n<li>April 2017. &#8211;\u00a0<a href=\"https:\/\/air.ba\/dokumenti\/Poziv_na_seminar_internih_revizora_Tusek_april_2017.pdf\">Specijalisti\u010dki seminar &#8220;Izvje\u0161tavanje o rezultatima anga\u017emana interne revizije&#8221;<\/a>\u00a0&#8211; Prof. dr. Boris Tu\u0161ek<\/li>\r\n<li>Mart 2017. &#8211; Okrugli stol &#8220;Etika internih revizora&#8221; &#8211; Prof. dr Mehmed Jahi\u0107<\/li>\r\n<li>Februar 2017. &#8211;\u00a0<a href=\"https:\/\/air.ba\/dokumenti\/Poziv_na_II_Radionicu_internih_revizora_-_2017.pdf\">II. Radionica internih revizora za javni sektor &#8220;Izrada strategije rizika i strate\u0161kog i operativnog plana odjela interne revizije u javnom sektoru &#8211; II. dio&#8221;<\/a>\u00a0&#8211; Prof. dr. \u017deljko Ri\u010dka i Nedim \u010custovi\u0107<\/li>\r\n<\/ul>\r\n<p style=\"font-weight: 400;\"><strong>2016.<\/strong><\/p>\r\n<ul style=\"font-weight: 400;\">\r\n<li>Maj 2016 &#8211;\u00a0<a href=\"https:\/\/air.ba\/dokumenti\/Poziv_na_I_Akademiju_internih_revizora_maj_2016.pdf\">I. Akademija internih revizora &#8211; maj 2016\u00a0<\/a>(u saradnji sa Revicon d.o.o. Sarajevo)<\/li>\r\n<li>Maj 2017. &#8211;\u00a0<a href=\"https:\/\/air.ba\/dokumenti\/Poziv_na_redovnu_Skupstinu_ASUIR_maj_2016.pdf\">II redovna Skup\u0161tina\u00a0Akademsko-strukovnog udru\u017eenja internih revizora u BiH<\/a><\/li>\r\n<li>Septembar 2016 &#8211;\u00a0<a href=\"https:\/\/air.ba\/dokumenti\/Poziv_na_I_Forum_internih_revizora%20_septembar_2016.pdf\">I. Forum internih revizora &#8211; septembar 2016<\/a>\u00a0(u saradnji sa Feb d.o.o. Sarajevo)<\/li>\r\n<li>Novembar 2016 &#8211;\u00a0<a href=\"https:\/\/air.ba\/dokumenti\/Poziv_na_I_Radionicu_internih%20revizora_novembar_2016.pdf\">I. Radionica internih revizora za javni sektor &#8220;Izrada strategije rizika i strate\u0161kog i operativnog plana odjela interne revizije u javnom sektoru &#8211; I. dio&#8221;<\/a>\u00a0&#8211; Prof. dr. Meliha Ba\u0161i\u0107, Fatima Obho\u0111a\u0161 i MSc. Benina Veledar<\/li>\r\n<li>Decembar 2016 &#8211;\u00a0<a href=\"https:\/\/air.ba\/dokumenti\/Poziv_na_seminar_internih_revizora_decembar_2016.pdf\">Specijalisti\u010dki seminar internih revizora &#8220;Nova pravila i smjernice u organizaciji i obavljanju interne revizije&#8221;- Novi standardi interne revizije<\/a>\u00a0&#8211; Prof. dr. Boris Tu\u0161ek<\/li>\r\n<\/ul>\r\n\r\n\r\n<hr class=\"wp-block-separator has-text-color has-custom-color-1-color has-alpha-channel-opacity has-custom-color-1-background-color has-background\" \/>\r\n\r\n\r\n<div class=\"wp-block-spacer\" style=\"height: 15px;\" aria-hidden=\"true\">\u00a0<\/div>\r\n<\/div>\r\n<\/div>\r\n","protected":false},"excerpt":{"rendered":"<p>Kontinuirana edukacija Edukacije u organizaciji strukovnih udru\u017eenja na teme iz podru\u010dja i oblasti\u00a0 iz \u010dlana 19b Pravilnika o uslovima za obavljanje poslova\u00a0 interne revizije u javnom sektoru u Federaciji Bosne i Hercegovine (&#8220;Slu\u017ebene novine FBiH&#8221;, br. 95\/15, 48\/17 i 31\/22)\u00a0 se priznaju kao KPE od strane CHJ FMF. U skladu sa zaklju\u010denim Memorandumom o saradnji [&hellip;]<\/p>\n","protected":false},"author":1,"featured_media":0,"parent":0,"menu_order":0,"comment_status":"closed","ping_status":"closed","template":"","meta":{"footnotes":""},"class_list":["post-714","page","type-page","status-publish","hentry"],"_links":{"self":[{"href":"https:\/\/air.ba\/index.php?rest_route=\/wp\/v2\/pages\/714","targetHints":{"allow":["GET"]}}],"collection":[{"href":"https:\/\/air.ba\/index.php?rest_route=\/wp\/v2\/pages"}],"about":[{"href":"https:\/\/air.ba\/index.php?rest_route=\/wp\/v2\/types\/page"}],"author":[{"embeddable":true,"href":"https:\/\/air.ba\/index.php?rest_route=\/wp\/v2\/users\/1"}],"replies":[{"embeddable":true,"href":"https:\/\/air.ba\/index.php?rest_route=%2Fwp%2Fv2%2Fcomments&post=714"}],"version-history":[{"count":16,"href":"https:\/\/air.ba\/index.php?rest_route=\/wp\/v2\/pages\/714\/revisions"}],"predecessor-version":[{"id":1740,"href":"https:\/\/air.ba\/index.php?rest_route=\/wp\/v2\/pages\/714\/revisions\/1740"}],"wp:attachment":[{"href":"https:\/\/air.ba\/index.php?rest_route=%2Fwp%2Fv2%2Fmedia&parent=714"}],"curies":[{"name":"wp","href":"https:\/\/api.w.org\/{rel}","templated":true}]}}